 
 {"id":266,"date":"2021-06-02T00:31:00","date_gmt":"2021-06-01T22:31:00","guid":{"rendered":"https:\/\/almach.pl\/sklep-alpha-2021\/?post_type=product&#038;p=266"},"modified":"2021-06-26T23:11:29","modified_gmt":"2021-06-26T21:11:29","slug":"tena-czepek-do-mycia-wlosow-na-sucho-1szt","status":"publish","type":"product","link":"https:\/\/almach.pl\/sklep\/?product=tena-czepek-do-mycia-wlosow-na-sucho-1szt\/","title":{"rendered":"TENA Czepek do mycia w\u0142os\u00f3w na sucho 1szt."},"content":{"rendered":"<h4>Dzia\u0142anie<\/h4>\n<p>Czepek do mycia w\u0142os\u00f3w TENA Shampoo Cap \u0142\u0105czy w sobie szampon z od\u017cywk\u0105 o delikatnym zapachu, a jego u\u017cycie nie wymaga sp\u0142ukiwania wod\u0105. Dzi\u0119ki temu stanowi idealne rozwi\u0105zanie w sytuacjach, kiedy tradycyjny spos\u00f3b mycia z u\u017cyciem wody jest trudny do przeprowadzenia. Szampon z od\u017cywk\u0105 o delikatnym zapachu pozostawia w\u0142osy czyste i \u015bwie\u017ce Czepek \u0142\u0105czy w sobie szampon do stosowania na sucho z od\u017cywk\u0105 o delikatnym zapachu \u2013 nie wymaga sp\u0142ukiwania wod\u0105, skutecznie usuwa nawet krew, t\u0142uszcz czy jodyn\u0119. Mo\u017ce by\u0107 stosowany w temperaturze pokojowej, dla zwi\u0119kszenia komfortu zamkni\u0119te opakowanie ,mo\u017cna podgrza\u0107 w mikrofal\u00f3wce, dost\u0119pny w standardowym rozmiarze, pakowany pojedynczo.<\/p>\n<h4>Wskazania<\/h4>\n<p>Dla os\u00f3b le\u017c\u0105cych, ob\u0142o\u017cnie chorych, niesamodzielnych, do stosowania w podr\u00f3\u017cy, dla pacjent\u00f3w z demencj\u0105, kt\u00f3rzy boj\u0105 si\u0119 wody lub zamiast k\u0105pieli, dla os\u00f3b po operacjach oczu, kiedy kontakt z wod\u0105 jest niewskazany, -w czasie choroby (np. pacjent z gor\u0105czk\u0105).<\/p>\n<h4>Spos\u00f3b u\u017cycia<\/h4>\n<p>Dla wi\u0119kszego komfortu mo\u017cna podgrza\u0107 zamkni\u0119te opakowanie w kuchence mikrofalowej (30 sekund, 500 watt)<\/p>\n<h4>Sk\u0142ad<\/h4>\n<p>Aqua, Caprylyl\/capryl glucoside, Benzyl alcohol, Quaternium-80, Dehydroacetic acid, Parfum, Benzoic acid, Sorbic Acid, Disodium EDTA, Sodium Citrate.<\/p>\n<p>Nie zawiera paraben\u00f3w, pH neutralne dla sk\u00f3ry, testowany dermatologiczne.<\/p>\n","protected":false},"excerpt":{"rendered":"<ul style=\"font-size:1rem;\">\n<li class=\"transport\"><i class=\"fas fa-dolly\"><\/i> <span style=\"color: #0c7804;\"><strong class=\"transport\"> Darmowa dostawa w Bydgoszczy <\/strong><br \/>(przy zam\u00f3wieniu powy\u017cej 100 z\u0142, mo\u017cliwo\u015b\u0107 p\u0142atno\u015bci kart\u0105 przy odbiorze)<\/span><\/li>\n<li class=\"transport\"><i class=\"far fa-eye\"><\/i> Mo\u017cliwo\u015b\u0107 obejrzenia sprz\u0119tu w sklepie stacjonarnym<\/li>\n<li class=\"transport\"><i class=\"fas fa-undo\"><\/i> Mo\u017cliwo\u015b\u0107 zwrotu sprz\u0119tu do <strong>30 dni<\/strong><\/li>\n<li class=\"transport\"><i class=\"far fa-credit-card\"><\/i> <strong> P\u0142atno\u015b\u0107 kart\u0105<\/strong><\/li>\n<\/ul>\n<div class=\"more-link-wrapper\"><a class=\"more-link\" href=\"https:\/\/almach.pl\/sklep\/?product=tena-czepek-do-mycia-wlosow-na-sucho-1szt\/\">Read More<span class=\"screen-reader-text\">TENA Czepek do mycia w\u0142os\u00f3w na sucho 1szt.<\/span><\/a><\/div>\n","protected":false},"featured_media":267,"comment_status":"closed","ping_status":"closed","template":"","meta":[],"product_cat":[22],"product_tag":[],"_links":{"self":[{"href":"https:\/\/almach.pl\/sklep\/index.php?rest_route=\/wp\/v2\/product\/266"}],"collection":[{"href":"https:\/\/almach.pl\/sklep\/index.php?rest_route=\/wp\/v2\/product"}],"about":[{"href":"https:\/\/almach.pl\/sklep\/index.php?rest_route=\/wp\/v2\/types\/product"}],"replies":[{"embeddable":true,"href":"https:\/\/almach.pl\/sklep\/index.php?rest_route=%2Fwp%2Fv2%2Fcomments&post=266"}],"wp:featuredmedia":[{"embeddable":true,"href":"https:\/\/almach.pl\/sklep\/index.php?rest_route=\/wp\/v2\/media\/267"}],"wp:attachment":[{"href":"https:\/\/almach.pl\/sklep\/index.php?rest_route=%2Fwp%2Fv2%2Fmedia&parent=266"}],"wp:term":[{"taxonomy":"product_cat","embeddable":true,"href":"https:\/\/almach.pl\/sklep\/index.php?rest_route=%2Fwp%2Fv2%2Fproduct_cat&post=266"},{"taxonomy":"product_tag","embeddable":true,"href":"https:\/\/almach.pl\/sklep\/index.php?rest_route=%2Fwp%2Fv2%2Fproduct_tag&post=266"}],"curies":[{"name":"wp","href":"https:\/\/api.w.org\/{rel}","templated":true}]}}