 
 {"id":243,"date":"2021-06-01T23:17:34","date_gmt":"2021-06-01T21:17:34","guid":{"rendered":"https:\/\/almach.pl\/sklep-alpha-2021\/?post_type=product&#038;p=243"},"modified":"2021-10-13T09:13:53","modified_gmt":"2021-10-13T07:13:53","slug":"profesjonalny-inhalator-do-pracy-ciaglej-wyposazony-w-dwusystemowy-nebulizator-neb-pro","status":"publish","type":"product","link":"https:\/\/almach.pl\/sklep\/?product=profesjonalny-inhalator-do-pracy-ciaglej-wyposazony-w-dwusystemowy-nebulizator-neb-pro\/","title":{"rendered":"Profesjonalny inhalator do pracy ci\u0105g\u0142ej, wyposa\u017cony w dwusystemowy nebulizator NEB PRO"},"content":{"rendered":"<p>Inhalator Microlife NEB PRO 2 w 1 to kompletny system terapii aerozolowej do leczenia g\u00f3rnych i dolnych dr\u00f3g oddechowych. Wyposa\u017cony jest w mocny i cichy kompresor przystosowany do ci\u0105g\u0142ej pracy. Dzi\u0119ki posiadaniu irygatora w zestawie pozwala na szybkie i efektywne oczyszczanie g\u00f3rnych dr\u00f3g oddechowych.<\/p>\n<p>&nbsp;<\/p>\n<p><strong>ZALETY URZ\u0104DZENIA<\/strong><\/p>\n<ul>\n<li>Cykl pracy: ci\u0105g\u0142y<\/li>\n<li>Wydajno\u015b\u0107 inhalacji 0,37 ml \/ min<\/li>\n<li>Rozmiar cz\u0105stek 3,50 \u00b5m (MMAD)<\/li>\n<li>Skutecznie rozpyla wszystkie roztwory inhalacyjne<\/li>\n<li>Nadaje si\u0119 do inhalacji kortykosteroidami<\/li>\n<li>Akcesoria mo\u017cna my\u0107 i dezynfekowa\u0107<\/li>\n<li>W zestawie pojemnik na lek, przew\u00f3d powietrzny, ustnik, maska dla dzieci, maska dla doros\u0142ych, ko\u0144c\u00f3wka do nosa, filtry oraz irygator<\/li>\n<li>Gwarancja 5 lat \u201cdoor to door\u201d<\/li>\n<\/ul>\n<p>&nbsp;<\/p>\n<p><strong>SPECYFIKACJA TECHNICZNA<\/strong><\/p>\n<ul>\n<li>Wydajno\u015b\u0107 aerozolu: 0,37 ml\/min. (NaCI 0.9%)<\/li>\n<li>Frakcja respirabilna: 57% &lt; 5 \u03bcm<\/li>\n<li>Wielko\u015b\u0107 cz\u0105stek 3,50 \u03bcm (MMAD)<\/li>\n<li>Maksymalny swobodny przep\u0142yw powietrza: 15 l\/min.<\/li>\n<li>Operacyjny przep\u0142yw powietrza: 5,31 l\/min.<\/li>\n<li>Odg\u0142os pracy: 52 dBA<\/li>\n<li>Zasilanie elektryczne: 230V 50 Hz AC<\/li>\n<li>D\u0142ugo\u015b\u0107 kabla sieciowego: 1,6 m<\/li>\n<li>Pojemno\u015b\u0107 zbiornika na lek: min. 2 ml; max. 8 ml<\/li>\n<li>Ilo\u015b\u0107 osadu: 0,8 ml<\/li>\n<li>Tryb pracy: 30 min. pracy \/ 30 min. odpoczynku<\/li>\n<li>Warunki pracy: 10 &#8211; 40 \u00b0C \/ 50 &#8211; 104 \u00b0F<\/li>\n<\/ul>\n<p>Maksymalna wilgotno\u015b\u0107 wzgl\u0119dna 30 &#8211; 85 %<\/p>\n<p>700 &#8211; 1060 hPa ci\u015bnienia atmosferycznego<\/p>\n<ul>\n<li>Warunki i transportu przechowywania:<\/li>\n<\/ul>\n<p>-20 &#8211; +60\u00b0 C \/ -4 &#8211; +140 \u00b0F<\/p>\n<p>Maksymalna wilgotno\u015b\u0107 wzgl\u0119dna 10 &#8211; 95%<\/p>\n<p>700 &#8211; 1060 hPa ci\u015bnienia atmosferycznego<\/p>\n<ul>\n<li>Waga: 1765 g<\/li>\n<li>Wymiary: 289 x 180 x 127 mm<\/li>\n<li>Klasa IP: IP21<\/li>\n<li>Normy: EN 13544-1; EN 60601-1; EN 60601-2; EN 60601-1-6; IEC 60601-1-11<\/li>\n<li>Przewidywana \u017cywotno\u015b\u0107 urz\u0105dzenia: 1000 godzin<\/li>\n<\/ul>\n","protected":false},"excerpt":{"rendered":"<ul style=\"font-size:1rem;\">\n<li class=\"transport\"><i class=\"fas fa-dolly\"><\/i> <span style=\"color: #0c7804;\"><strong class=\"transport\"> Darmowa dostawa w Bydgoszczy <\/strong><br \/>(przy zam\u00f3wieniu powy\u017cej 100 z\u0142, mo\u017cliwo\u015b\u0107 p\u0142atno\u015bci kart\u0105 przy odbiorze)<\/span><\/li>\n<li class=\"transport\"><i class=\"far fa-eye\"><\/i> Mo\u017cliwo\u015b\u0107 obejrzenia sprz\u0119tu w sklepie stacjonarnym<\/li>\n<li class=\"transport\"><i class=\"fas fa-undo\"><\/i> Mo\u017cliwo\u015b\u0107 zwrotu sprz\u0119tu do <strong>30 dni<\/strong><\/li>\n<li class=\"transport\"><i class=\"far fa-credit-card\"><\/i> <strong> P\u0142atno\u015b\u0107 kart\u0105<\/strong><\/li>\n<\/ul>\n<div class=\"more-link-wrapper\"><a class=\"more-link\" href=\"https:\/\/almach.pl\/sklep\/?product=profesjonalny-inhalator-do-pracy-ciaglej-wyposazony-w-dwusystemowy-nebulizator-neb-pro\/\">Read More<span class=\"screen-reader-text\">Profesjonalny inhalator do pracy ci\u0105g\u0142ej, wyposa\u017cony w dwusystemowy nebulizator NEB PRO<\/span><\/a><\/div>\n","protected":false},"featured_media":311,"comment_status":"closed","ping_status":"closed","template":"","meta":[],"product_cat":[128,31],"product_tag":[],"_links":{"self":[{"href":"https:\/\/almach.pl\/sklep\/index.php?rest_route=\/wp\/v2\/product\/243"}],"collection":[{"href":"https:\/\/almach.pl\/sklep\/index.php?rest_route=\/wp\/v2\/product"}],"about":[{"href":"https:\/\/almach.pl\/sklep\/index.php?rest_route=\/wp\/v2\/types\/product"}],"replies":[{"embeddable":true,"href":"https:\/\/almach.pl\/sklep\/index.php?rest_route=%2Fwp%2Fv2%2Fcomments&post=243"}],"wp:featuredmedia":[{"embeddable":true,"href":"https:\/\/almach.pl\/sklep\/index.php?rest_route=\/wp\/v2\/media\/311"}],"wp:attachment":[{"href":"https:\/\/almach.pl\/sklep\/index.php?rest_route=%2Fwp%2Fv2%2Fmedia&parent=243"}],"wp:term":[{"taxonomy":"product_cat","embeddable":true,"href":"https:\/\/almach.pl\/sklep\/index.php?rest_route=%2Fwp%2Fv2%2Fproduct_cat&post=243"},{"taxonomy":"product_tag","embeddable":true,"href":"https:\/\/almach.pl\/sklep\/index.php?rest_route=%2Fwp%2Fv2%2Fproduct_tag&post=243"}],"curies":[{"name":"wp","href":"https:\/\/api.w.org\/{rel}","templated":true}]}}