 
 {"id":1143,"date":"2021-10-14T09:36:27","date_gmt":"2021-10-14T07:36:27","guid":{"rendered":"https:\/\/almach.pl\/sklep\/?post_type=product&#038;p=1143\/"},"modified":"2021-10-14T09:36:28","modified_gmt":"2021-10-14T07:36:28","slug":"mobilis-genuactive-stabilizator-kolana","status":"publish","type":"product","link":"https:\/\/almach.pl\/sklep\/?product=mobilis-genuactive-stabilizator-kolana\/","title":{"rendered":"Mobilis GenuActive Stabilizator kolana"},"content":{"rendered":"<div class=\"sp-editor                                                     js-sp-group\n                                                \"><\/p>\n<div class=\"js-sp-group__content\">\n<p>GenuActive pomaga przy dolegliwo\u015bciach takich jak wysi\u0119k w stawie, obrz\u0119k lub b\u00f3l w okolicy rzepki. Szyny ze spr\u0119\u017cyn spiralnych idealnie stabilizuj\u0105 kolano. Pelota odci\u0105\u017ca, a dodatkowo daje przyjemny efekt masa\u017cu. Dzi\u0119ki anatomicznemu kszta\u0142towi opaska doskonale dopasowuje si\u0119 do nogi. Oddychaj\u0105ca i anatomicznie uformowana dzianina gwarantuje wysoki komfort noszenia, r\u00f3wnie\u017c podczas uprawiania sportu.<\/p>\n<\/div>\n<\/div>\n<div class=\"sp-list js-sp-group\">\n<h2 class=\"sp-list__title js-sp-group__title\">Wskazania<\/h2>\n<div class=\"js-sp-group__content\">\n<ul>\n<li>Artretyzm i artroza<\/li>\n<li>Wysi\u0119k w stawie i obrz\u0119k<\/li>\n<li>Po operacjach i urazach<\/li>\n<li>B\u00f3l w okolicy rzepki<\/li>\n<\/ul>\n<\/div>\n<\/div>\n<div class=\"sp-list js-sp-group\">\n<h2 class=\"sp-list__title js-sp-group__title\">Sk\u0142ad<\/h2>\n<div class=\"js-sp-group__content\">\n<ul>\n<li>Poliamid 52%<\/li>\n<li>Guma termoplastyczna 26%<\/li>\n<li>Elastodien 14%<\/li>\n<li>Poliester 5%<\/li>\n<li>Elastan 2%<\/li>\n<li>Silikon 1%<\/li>\n<\/ul>\n<\/div>\n<\/div>\n<div class=\"sp-table js-sp-group\">\n<h2 class=\"sp-table__title js-sp-group__title\">Tabela rozmiar\u00f3w<\/h2>\n<div class=\"js-sp-group__content\">\n<div class=\"table-wrap table-wrap--left\">\n<div class=\"table-wrap__table\">\n<table class=\"table table--big\">\n<thead>\n<tr>\n<td>Rozmiar (cm)<\/td>\n<td>XS<\/td>\n<td>S<\/td>\n<td>M<\/td>\n<td>L<\/td>\n<td>XL<\/td>\n<td>XXL<\/td>\n<\/tr>\n<\/thead>\n<tbody>\n<tr>\n<td>Obw\u00f3d kolana w zgi\u0119ciu 30 stopni<\/td>\n<td>30-34<\/td>\n<td>34-38<\/td>\n<td>38-42<\/td>\n<td>42-46<\/td>\n<td>46-50<\/td>\n<td>50-54<\/td>\n<\/tr>\n<\/tbody>\n<\/table>\n<\/div>\n<\/div>\n<\/div>\n<\/div>\n","protected":false},"excerpt":{"rendered":"<ul style=\"font-size: 1rem;\">\n<li class=\"transport\"><i class=\"fas fa-dolly\"><\/i> <span style=\"color: #0c7804;\"><strong class=\"transport\"> Darmowa dostawa w Bydgoszczy <\/strong><br \/>\n(przy zam\u00f3wieniu powy\u017cej 100 z\u0142, mo\u017cliwo\u015b\u0107 p\u0142atno\u015bci kart\u0105 przy odbiorze)<\/span><\/li>\n<li class=\"transport\"><i class=\"far fa-eye\"><\/i> Mo\u017cliwo\u015b\u0107 obejrzenia produktu w sklepie stacjonarnym<\/li>\n<li class=\"transport\"><i class=\"fas fa-undo\"><\/i> Mo\u017cliwo\u015b\u0107 zwrotu produktu do <strong>30 dni<\/strong><\/li>\n<li class=\"transport\"><i class=\"far fa-credit-card\"><\/i> <strong> P\u0142atno\u015b\u0107 kart\u0105<\/strong><\/li>\n<\/ul>\n<div class=\"more-link-wrapper\"><a class=\"more-link\" href=\"https:\/\/almach.pl\/sklep\/?product=mobilis-genuactive-stabilizator-kolana\/\">Read More<span class=\"screen-reader-text\">Mobilis GenuActive Stabilizator kolana<\/span><\/a><\/div>\n","protected":false},"featured_media":1144,"comment_status":"closed","ping_status":"closed","template":"","meta":[],"product_cat":[113,121],"product_tag":[],"_links":{"self":[{"href":"https:\/\/almach.pl\/sklep\/index.php?rest_route=\/wp\/v2\/product\/1143"}],"collection":[{"href":"https:\/\/almach.pl\/sklep\/index.php?rest_route=\/wp\/v2\/product"}],"about":[{"href":"https:\/\/almach.pl\/sklep\/index.php?rest_route=\/wp\/v2\/types\/product"}],"replies":[{"embeddable":true,"href":"https:\/\/almach.pl\/sklep\/index.php?rest_route=%2Fwp%2Fv2%2Fcomments&post=1143"}],"wp:featuredmedia":[{"embeddable":true,"href":"https:\/\/almach.pl\/sklep\/index.php?rest_route=\/wp\/v2\/media\/1144"}],"wp:attachment":[{"href":"https:\/\/almach.pl\/sklep\/index.php?rest_route=%2Fwp%2Fv2%2Fmedia&parent=1143"}],"wp:term":[{"taxonomy":"product_cat","embeddable":true,"href":"https:\/\/almach.pl\/sklep\/index.php?rest_route=%2Fwp%2Fv2%2Fproduct_cat&post=1143"},{"taxonomy":"product_tag","embeddable":true,"href":"https:\/\/almach.pl\/sklep\/index.php?rest_route=%2Fwp%2Fv2%2Fproduct_tag&post=1143"}],"curies":[{"name":"wp","href":"https:\/\/api.w.org\/{rel}","templated":true}]}}