 
 {"id":3,"date":"2021-04-05T23:19:54","date_gmt":"2021-04-05T21:19:54","guid":{"rendered":"http:\/\/almach.pl\/sklep-alpha-2021\/?page_id=3"},"modified":"2021-06-18T11:50:47","modified_gmt":"2021-06-18T09:50:47","slug":"polityka-prywatnosci","status":"publish","type":"page","link":"https:\/\/almach.pl\/sklep\/?page_id=3\/","title":{"rendered":"Polityka prywatno\u015bci"},"content":{"rendered":"\n<p><strong>POLITYKA PRYWATNO\u015aCI<\/strong><\/p>\n\n\n\n<p>I. Postanowienia og\u00f3lne<br>II. Cel i zakres zbierania danych<br>III. Podstawa przetwarzania danych<br>IV. Prawo kontroli, dost\u0119pu do tre\u015bci swoich danych oraz ich poprawiania<br>V. Pliki \u201eCookies\u201d<\/p>\n\n\n\n<p><strong>I. POSTANOWIENIA OG\u00d3LNE<\/strong><br>1. Administratorem danych osobowych zbieranych za po\u015brednictwem Serwisu&nbsp;<strong>www.almach.pl<\/strong>&nbsp;jest<strong>&nbsp;Tomasza Hirt<\/strong>&nbsp;wykonuj\u0105cy dzia\u0142alno\u015b\u0107 gospodarcz\u0105 pod firm\u0105 Opieka Domowa &#8222;ALMACH&#8221; Tomasz Hirt, adres miejsca wykonywania dzia\u0142alno\u015bci oraz adres do dor\u0119cze\u0144: ul. A. Grzyma\u0142y-Siedleckiego 24, 85-868 Bydgoszcz., NIP: 9532365600, REGON: 340893167, adres poczty elektronicznej (e-mail):<strong>&nbsp;tomasz@almach.pl<\/strong>, zwany dalej &#8222;Administratorem&#8221; i b\u0119d\u0105cy jednocze\u015bnie Us\u0142ugodawc\u0105.<br>2. Dane osobowe U\u017cytkownika s\u0105 przetwarzane zgodnie z ustaw\u0105 o ochronie danych osobowych z dnia 29 sierpnia 1997 r. (Dz. U. Nr 133, poz. 883 ze zm.) oraz ustaw\u0105 o \u015bwiadczeniu us\u0142ug drog\u0105 elektroniczn\u0105 z dnia 18 lipca 2002 r. (Dz. U. Nr 144, poz. 1204 ze zm.).<br>3. Administrator dok\u0142ada szczeg\u00f3lnej staranno\u015bci w celu ochrony interes\u00f3w os\u00f3b, kt\u00f3rych dane dotycz\u0105, a w szczeg\u00f3lno\u015bci zapewnia, \u017ce zbierane przez niego dane s\u0105<br>a) przetwarzane zgodnie z prawem,<br>b) zbierane dla oznaczonych, zgodnych z prawem cel\u00f3w i niepoddawane dalszemu przetwarzaniu niezgodnemu z tymi celami,<br>c) merytorycznie poprawne i adekwatne w stosunku do cel\u00f3w, w jakich s\u0105 przetwarzane oraz przechowywane w postaci umo\u017cliwiaj\u0105cej identyfikacj\u0119 os\u00f3b, kt\u00f3rych dotycz\u0105, nie d\u0142u\u017cej ni\u017c jest to niezb\u0119dne do osi\u0105gni\u0119cia celu przetwarzania.<br>4. Wszelkie wyrazy lub wyra\u017cenia pisane w tre\u015bci niniejszej Polityki Prywatno\u015bci z du\u017cej litery nale\u017cy rozumie\u0107 zgodnie z ich definicj\u0105 zawart\u0105 w Regulaminie Serwisu www.almach.pl<\/p>\n\n\n\n<p><strong>II. CEL I ZAKRES ZBIERANIA DANYCH<\/strong><br>1. Dane osobowe U\u017cytkownik\u00f3w, zbierane przez Administratora, s\u0105 wykorzystywane do cel\u00f3w marketingowych, kontaktowania si\u0119 z U\u017cytkownikiem oraz innych czynno\u015bci zwi\u0105zanych ze aktywno\u015bci\u0105 U\u017cytkownika w Serwisie www.almach.pl<br>2. Administrator przetwarza nast\u0119puj\u0105ce dane osobowe U\u017cytkownik\u00f3w:<br>a) imi\u0119 i nazwisko,<br>b) adres (ulica i numer domu\/mieszkania, kod pocztowy, miasto),<br>c) stan zdrowia,<br>d) telefon,<br>e) adres e-mail.<br>3. Administrator mo\u017ce przetwarza\u0107 nast\u0119puj\u0105ce dane charakteryzuj\u0105ce spos\u00f3b korzystania przez U\u017cytkownika z us\u0142ug \u015bwiadczonych drog\u0105 elektroniczn\u0105 (dane eksploatacyjne):<br>a) oznaczenia identyfikuj\u0105ce zako\u0144czenie sieci telekomunikacyjnej lub system teleinformatyczny, z kt\u00f3rego korzysta\u0142 U\u017cytkownik,<br>b) informacje o rozpocz\u0119ciu, zako\u0144czeniu oraz zakresie ka\u017cdorazowego korzystania przez U\u017cytkownika z us\u0142ugi \u015bwiadczonej drog\u0105 elektroniczn\u0105,<br>c) informacje o skorzystaniu przez U\u017cytkownika z us\u0142ug \u015bwiadczonych drog\u0105 elektroniczn\u0105.<br>4. Podanie danych osobowych, o kt\u00f3rych mowa w pkt. 2 jest niezb\u0119dne do \u015bwiadczenia przez Us\u0142ugodawc\u0119 us\u0142ug drog\u0105 elektroniczn\u0105 w ramach Serwisu.<\/p>\n\n\n\n<p><strong>III. PODSTAWA PRZETWARZANIA DANYCH<\/strong><br>1. Korzystanie z Serwisu, zawieranie um\u00f3w o \u015bwiadczenie us\u0142ug drog\u0105 elektroniczn\u0105 za po\u015brednictwem Serwisu, z czym wi\u0105\u017ce si\u0119 konieczno\u015b\u0107 podania danych osobowych, jest ca\u0142kowicie dobrowolne. Osoba, kt\u00f3rej dane dotycz\u0105, samodzielnie decyduje, czy chce rozpocz\u0105\u0107 korzystanie z us\u0142ug \u015bwiadczonych drog\u0105 elektroniczn\u0105 przez Us\u0142ugodawc\u0119 zgodnie z Regulaminem.<br>2. Zgodnie z art. 23 ustawy o ochronie danych osobowych z dnia 29 sierpnia 1997 r. (Dz. U. Nr 133, poz. 883 ze zm.) przetwarzanie danych jest dopuszczalne m.in. gdy:<br>a) osoba, kt\u00f3rej dane dotycz\u0105, wyrazi na to zgod\u0119, chyba \u017ce chodzi o usuni\u0119cie dotycz\u0105cych jej danych.<br>b) jest to konieczne do realizacji umowy, gdy osoba, kt\u00f3rej dane dotycz\u0105, jest jej stron\u0105 lub gdy jest to niezb\u0119dne do podj\u0119cia dzia\u0142a\u0144 przed zawarciem umowy na \u017c\u0105danie osoby, kt\u00f3rej dane dotycz\u0105.<br>3. Przetwarzanie danych osobowych przez Administratora odbywa si\u0119 zawsze w ramach podstaw dopuszczalno\u015bci ich przetwarzania wymienionych w pkt. 2. Przetwarzanie danych b\u0119dzie mia\u0142o zwi\u0105zek z realizacj\u0105 umowy lub konieczno\u015bci podj\u0119cia dzia\u0142a\u0144 przed zawarciem umowy na \u017c\u0105danie osoby, kt\u00f3rej dane dotycz\u0105 (pkt. 2 lit. b). Dodatkowo przed zawarciem um\u00f3w o \u015bwiadczenie us\u0142ug drog\u0105 elektroniczn\u0105 dost\u0119pnych za po\u015brednictwem Serwisu przysz\u0142y U\u017cytkownik jest informowany o konieczno\u015bci akceptacji Regulaminu.<\/p>\n\n\n\n<p><strong>IV. PRAWO KONTROLI, DOST\u0118PU DO TRE\u015aCI SWOICH DANYCH ORAZ ICH POPRAWIANIA<\/strong><br>1. U\u017cytkownik ma prawo dost\u0119pu do tre\u015bci swoich danych osobowych oraz ich poprawiania.<br>2. Ka\u017cdej osobie przys\u0142uguje prawo do kontroli przetwarzania danych, kt\u00f3re jej dotycz\u0105, zawartych w zbiorze danych Administratora, a zw\u0142aszcza prawo do \u017c\u0105dania uzupe\u0142nienia, uaktualnienia, sprostowania danych osobowych, czasowego lub sta\u0142ego wstrzymania ich przetwarzania lub ich usuni\u0119cia, je\u017celi s\u0105 one niekompletne, nieaktualne, nieprawdziwe lub zosta\u0142y zebrane z naruszeniem ustawy albo s\u0105 ju\u017c zb\u0119dne do realizacji celu, dla kt\u00f3rego zosta\u0142y zebrane.<br>3. W celu realizacji uprawnie\u0144, o kt\u00f3rych mowa w pkt. 1 i 2 mo\u017cna korzysta\u0107 poprzez przes\u0142anie stosownej wiadomo\u015bci e-mail na adres:\u00a0<strong>tomasz@almach.pl<\/strong><\/p>\n\n\n\n<p><strong>V. PLIKI &#8222;COOKIES&#8221;<\/strong><br>1. Serwis Us\u0142ugodawcy\u00a0u\u017cywa plik\u00f3w\u00a0\u201ecookies\u201d. Brak zmiany po stronie U\u017cytkownika ustawie\u0144 przegl\u0105darki jest r\u00f3wnoznaczny z wyra\u017ceniem zgody na ich u\u017cycie.<\/p>\n","protected":false},"excerpt":{"rendered":"<p>POLITYKA PRYWATNO\u015aCI I. Postanowienia og\u00f3lneII. Cel i zakres zbierania danychIII. Podstawa przetwarzania danychIV. Prawo kontroli, dost\u0119pu do tre\u015bci swoich danych oraz ich poprawianiaV. Pliki \u201eCookies\u201d&#8230;<\/p>\n<div class=\"more-link-wrapper\"><a class=\"more-link\" href=\"https:\/\/almach.pl\/sklep\/?page_id=3\/\">Read More<span class=\"screen-reader-text\">Polityka prywatno\u015bci<\/span><\/a><\/div>\n","protected":false},"author":1,"featured_media":0,"parent":0,"menu_order":0,"comment_status":"closed","ping_status":"open","template":"","meta":[],"_links":{"self":[{"href":"https:\/\/almach.pl\/sklep\/index.php?rest_route=\/wp\/v2\/pages\/3"}],"collection":[{"href":"https:\/\/almach.pl\/sklep\/index.php?rest_route=\/wp\/v2\/pages"}],"about":[{"href":"https:\/\/almach.pl\/sklep\/index.php?rest_route=\/wp\/v2\/types\/page"}],"author":[{"embeddable":true,"href":"https:\/\/almach.pl\/sklep\/index.php?rest_route=\/wp\/v2\/users\/1"}],"replies":[{"embeddable":true,"href":"https:\/\/almach.pl\/sklep\/index.php?rest_route=%2Fwp%2Fv2%2Fcomments&post=3"}],"version-history":[{"count":0,"href":"https:\/\/almach.pl\/sklep\/index.php?rest_route=\/wp\/v2\/pages\/3\/revisions"}],"wp:attachment":[{"href":"https:\/\/almach.pl\/sklep\/index.php?rest_route=%2Fwp%2Fv2%2Fmedia&parent=3"}],"curies":[{"name":"wp","href":"https:\/\/api.w.org\/{rel}","templated":true}]}}